{"id":111,"date":"2018-02-13T12:23:51","date_gmt":"2018-02-13T17:23:51","guid":{"rendered":"http:\/\/bridge160.qodeinteractive.com\/?page_id=111"},"modified":"2026-08-21T16:52:21","modified_gmt":"2026-08-21T21:52:21","slug":"quienes-somos","status":"publish","type":"page","link":"https:\/\/www.zanjarajuno.org\/fr\/qui-nous-sommes\/","title":{"rendered":"Qui sommes-nous ?"},"content":{"rendered":"<div class=\"wpb-content-wrapper\"><div      class=\"vc_row wpb_row section vc_row-fluid  vc_custom_1622150230180 grid_section\" style=' text-align:left;'><div class=\"section_inner clearfix\"><div class='section_inner_margin clearfix'><div class=\"wpb_column vc_column_container vc_col-sm-12\"><div class=\"vc_column-inner vc_custom_1623958278633\"><div class=\"wpb_wrapper\">\n\t<div class=\"wpb_text_column wpb_content_element\">\n\t\t<div class=\"wpb_wrapper\">\n\t\t\t<h2>Centre \u00e9cologique Zanja Arajuno<\/h2>\n<p style=\"text-align: justify;\">Somos una familia andino-amaz\u00f3nica que mediante autogesti\u00f3n cuida una porci\u00f3n del planeta para mostrar que es posible una vida m\u00e1s equilibrada, en respeto y armon\u00eda con la naturaleza mediante la participaci\u00f3n comunitaria.\u00a0Zanja Arajuno es un centro ecol\u00f3gico que trabaja 100% por autogesti\u00f3n en investigaci\u00f3n, voluntariado y educaci\u00f3n ambiental, conformado por un grupo multidisciplinario de profesionales ligados a la conservaci\u00f3n de la Amazonia.<\/p>\n<p style=\"text-align: justify;\">Il s'agit d'une r\u00e9serve \u00e9cologique priv\u00e9e de 52 hectares, situ\u00e9e en haute Amazonie.<\/p>\n\n\t\t<\/div> \n\t<\/div> \n\t<div class=\"wpb_single_image wpb_content_element vc_align_center\">\n\t\t<div class=\"wpb_wrapper\">\n\t\t\t\n\t\t\t<div class=\"vc_single_image-wrapper   vc_box_border_grey\"><img loading=\"lazy\" decoding=\"async\" width=\"300\" height=\"249\" src=\"https:\/\/www.zanjarajuno.org\/wp-content\/uploads\/2024\/05\/IMG_0070-e1717109154286.jpg\" class=\"vc_single_image-img attachment-medium\" alt=\"\" title=\"IMG_0070\" srcset=\"https:\/\/www.zanjarajuno.org\/wp-content\/uploads\/2024\/05\/IMG_0070-e1717109154286.jpg 1918w, https:\/\/www.zanjarajuno.org\/wp-content\/uploads\/2024\/05\/IMG_0070-e1717109154286-1024x850.jpg 1024w, https:\/\/www.zanjarajuno.org\/wp-content\/uploads\/2024\/05\/IMG_0070-e1717109154286-1536x1276.jpg 1536w, https:\/\/www.zanjarajuno.org\/wp-content\/uploads\/2024\/05\/IMG_0070-e1717109154286-14x12.jpg 14w\" sizes=\"auto, (max-width: 300px) 100vw, 300px\" \/><\/div>\n\t\t<\/div>\n\t<\/div>\n\n\t<div class=\"wpb_text_column wpb_content_element\">\n\t\t<div class=\"wpb_wrapper\">\n\t\t\t<div class=\"flex-1 overflow-hidden\">\n<div class=\"react-scroll-to-bottom--css-djyhv-79elbk h-full\">\n<div class=\"react-scroll-to-bottom--css-djyhv-1n7m0yu\">\n<div>\n<div class=\"flex flex-col text-sm pb-9\">\n<div class=\"w-full text-token-text-primary\" dir=\"auto\" data-testid=\"conversation-turn-5\" data-scroll-anchor=\"true\">\n<div class=\"py-2 juice:py-&#091;18px&#093; px-3 text-base md:px-4 m-auto md:px-5 lg:px-1 xl:px-5\">\n<div class=\"mx-auto flex flex-1 gap-3 text-base juice:gap-4 juice:md:gap-6 md:max-w-3xl lg:max-w-&#091;40rem&#093; xl:max-w-&#091;48rem&#093;\">\n<div class=\"group\/conversation-turn relative flex w-full min-w-0 flex-col agent-turn\">\n<div class=\"flex-col gap-1 md:gap-3\">\n<div class=\"flex flex-grow flex-col max-w-full\">\n<div class=\"min-h-&#091;20px&#093; text-message flex flex-col items-start whitespace-pre-wrap break-words &#091;.text-message+&amp;&#093;:mt-5 juice:w-full juice:items-end overflow-x-auto gap-3\" dir=\"auto\" data-message-author-role=\"assistant\" data-message-id=\"68470d7a-3885-4c82-9fa7-7dbd40b79e31\">\n<div class=\"markdown prose w-full break-words dark:prose-invert light\">\n<p style=\"text-align: center;\"><strong>Medardo Tapia Rom\u00e1n (Fondateur)<\/strong><\/p>\n<\/div>\n<\/div>\n<\/div>\n<\/div>\n<\/div>\n<\/div>\n<\/div>\n<\/div>\n<\/div>\n<\/div>\n<\/div>\n<\/div>\n<\/div>\n<p style=\"text-align: justify;\">N\u00e9 \u00e0 Riobamba le 28 ao\u00fbt 1955, il est une figure embl\u00e9matique de la protection de l'\u00e9cosyst\u00e8me amazonien. Agronome de formation, sa vision du wanduk (floripondio), m\u00e9dicament naturel, l'a conduit \u00e0 s'installer \u00e0 Pastaza en 1983, o\u00f9 il a rejoint l'Organisation des peuples indig\u00e8nes de Pastaza (OPIP) et dirig\u00e9 le Centre technologique des ressources amazoniennes, connu sous le nom de \"Centro Fatima\". Son engagement pour la cause indig\u00e8ne s'est traduit par sa participation \u00e0 des mouvements tels que la marche historique Allpamanda, Kawsaymanada, Jatarishun en 1992. R\u00e9compens\u00e9 par le prix national du m\u00e9rite \u00e9cologique en 1994, il a fond\u00e9 en 2007 le centre \u00e9cologique Zanja Arajuno, un sanctuaire de conservation pour la r\u00e9introduction de la faune et la restauration de l'habitat dans la partie sup\u00e9rieure de l'Amazonie. Il a \u00e9crit des livres et des manuels sur la gestion des ressources fauniques et a donn\u00e9 des conf\u00e9rences au niveau national et international.<\/p>\n\n\t\t<\/div> \n\t<\/div> \n\t<div class=\"wpb_single_image wpb_content_element vc_align_center\">\n\t\t<div class=\"wpb_wrapper\">\n\t\t\t\n\t\t\t<div class=\"vc_single_image-wrapper   vc_box_border_grey\"><img loading=\"lazy\" decoding=\"async\" width=\"300\" height=\"242\" src=\"https:\/\/www.zanjarajuno.org\/wp-content\/uploads\/2024\/05\/WhatsApp-Image-2024-05-30-at-1.32.19-PM.jpeg\" class=\"vc_single_image-img attachment-medium\" alt=\"\" title=\"WhatsApp Image 2024-05-30 \u00e0 1.32.19 PM\" srcset=\"https:\/\/www.zanjarajuno.org\/wp-content\/uploads\/2024\/05\/WhatsApp-Image-2024-05-30-at-1.32.19-PM.jpeg 1600w, https:\/\/www.zanjarajuno.org\/wp-content\/uploads\/2024\/05\/WhatsApp-Image-2024-05-30-at-1.32.19-PM-1024x828.jpeg 1024w, https:\/\/www.zanjarajuno.org\/wp-content\/uploads\/2024\/05\/WhatsApp-Image-2024-05-30-at-1.32.19-PM-1536x1241.jpeg 1536w, https:\/\/www.zanjarajuno.org\/wp-content\/uploads\/2024\/05\/WhatsApp-Image-2024-05-30-at-1.32.19-PM-15x12.jpeg 15w\" sizes=\"auto, (max-width: 300px) 100vw, 300px\" \/><\/div>\n\t\t<\/div>\n\t<\/div>\n\n\t<div class=\"wpb_text_column wpb_content_element\">\n\t\t<div class=\"wpb_wrapper\">\n\t\t\t<div class=\"flex-1 overflow-hidden\">\n<div class=\"react-scroll-to-bottom--css-djyhv-79elbk h-full\">\n<div class=\"react-scroll-to-bottom--css-djyhv-1n7m0yu\">\n<div class=\"flex flex-col text-sm\">\n<div class=\"w-full text-token-text-primary\" dir=\"auto\" data-testid=\"conversation-turn-3\" data-scroll-anchor=\"true\">\n<div class=\"py-2 juice:py-&#091;18px&#093; px-3 text-base md:px-4 m-auto md:px-5 lg:px-1 xl:px-5\">\n<div class=\"mx-auto flex flex-1 gap-3 text-base juice:gap-4 juice:md:gap-6 md:max-w-3xl lg:max-w-&#091;40rem&#093; xl:max-w-&#091;48rem&#093;\">\n<div class=\"group\/conversation-turn relative flex w-full min-w-0 flex-col agent-turn\">\n<div class=\"flex-col gap-1 md:gap-3\">\n<div class=\"flex flex-grow flex-col max-w-full\">\n<div class=\"min-h-&#091;20px&#093; text-message flex flex-col items-start whitespace-pre-wrap break-words &#091;.text-message+&amp;&#093;:mt-5 juice:w-full juice:items-end overflow-x-auto gap-3\" dir=\"auto\" data-message-author-role=\"assistant\" data-message-id=\"53c42dbf-4155-492e-8cde-aa1c32ac517d\">\n<div class=\"markdown prose w-full break-words dark:prose-invert light\">\n<p style=\"text-align: center;\"><strong>Lucero Mora Mu\u00f1oz (Directeur)<\/strong><\/p>\n<p style=\"text-align: justify;\">Zootechnicienne dipl\u00f4m\u00e9e de l'Universit\u00e9 nationale de Colombie en 2003, Nubia Lucero a consacr\u00e9 sa vie \u00e0 la compr\u00e9hension et \u00e0 la protection des \u00e9cosyst\u00e8mes d\u00e9licats de la for\u00eat tropicale. Depuis son passage au Centro Fatima pour la r\u00e9habilitation et le sauvetage des animaux sauvages jusqu'\u00e0 sa direction du Centre \u00e9cologique Zanja Arajuno, son travail a \u00e9t\u00e9 une combinaison de soins, de recherche et d'apprentissage. Au fil des ans, elle a travaill\u00e9 sur des projets de r\u00e9habilitation et de r\u00e9introduction d'esp\u00e8ces menac\u00e9es, ainsi que sur des programmes d'\u00e9ducation \u00e0 l'environnement destin\u00e9s aux communaut\u00e9s locales et aux visiteurs. En tant que fondatrice et directrice de troupes de th\u00e9\u00e2tre communautaires, elle a utilis\u00e9 l'art comme un outil puissant pour transmettre des messages de conservation et de changement social. Ses travaux r\u00e9cents portent sur la coordination des volontaires pour le recensement citoyen de la biodiversit\u00e9 en collaboration avec la Fundaci\u00f3n Despierta et Planete Urgence (2022-2025), la gestion de la biblioth\u00e8que communautaire Sachateca Yachay Wasi (2025) et l'animation d'ateliers sur l'\u00e9cologie, la biodiversit\u00e9, les questions environnementales, la d\u00e9fense du territoire et les strat\u00e9gies de conservation des communaut\u00e9s.<\/p>\n<\/div>\n<\/div>\n<\/div>\n<div class=\"mt-1 flex gap-3 empty:hidden juice:-ml-3\">\n<div class=\"-ml-1 mt-0 flex h-7 items-center justify-center gap-&#091;2px&#093; self-end text-gray-400 lg:justify-start lg:self-center visible\"><\/div>\n<\/div>\n<div class=\"pr-2 lg:pr-0\"><\/div>\n<\/div>\n<div class=\"absolute\">\n<div class=\"flex w-full gap-2 items-center justify-center\"><\/div>\n<\/div>\n<\/div>\n<\/div>\n<\/div>\n<\/div>\n<\/div>\n<\/div>\n<\/div>\n<\/div>\n<div class=\"w-full md:pt-0 dark:border-white\/20 md:border-transparent md:dark:border-transparent md:w-&#091;calc(100%-.5rem)&#093; juice:w-full\">\n<div class=\"px-3 text-base md:px-4 m-auto md:px-5 lg:px-1 xl:px-5\">\n<div class=\"mx-auto flex flex-1 gap-3 text-base juice:gap-4 juice:md:gap-6 md:max-w-3xl lg:max-w-&#091;40rem&#093; xl:max-w-&#091;48rem&#093;\">\n<form class=\"w-full\" action=\"\">\n<div class=\"relative flex h-full max-w-full flex-1 flex-col\">\n<div class=\"absolute bottom-full left-0 right-0 z-20\">\n<div class=\"relative h-full w-full\">\n<div class=\"flex flex-col gap-3.5 pb-3.5 pt-2\">\n<div class=\"text-sm rounded-xl p-4 text-token-text-secondary flex items-center gap-3 fruit:rounded-2xl border border-token-border-light bg-token-main-surface-primary\"><\/div>\n<\/div>\n<\/div>\n<\/div>\n<\/div>\n<input type=\"hidden\" name=\"trp-form-language\" value=\"fr\"\/><\/form>\n<\/div>\n<\/div>\n<\/div>\n\n\t\t<\/div> \n\t<\/div> \n\t<div class=\"wpb_single_image wpb_content_element vc_align_center\">\n\t\t<div class=\"wpb_wrapper\">\n\t\t\t\n\t\t\t<div class=\"vc_single_image-wrapper   vc_box_border_grey\"><img loading=\"lazy\" decoding=\"async\" width=\"268\" height=\"300\" src=\"https:\/\/www.zanjarajuno.org\/wp-content\/uploads\/2024\/06\/WhatsApp-Image-2024-06-01-at-6.13.01-PM.jpeg\" class=\"vc_single_image-img attachment-medium\" alt=\"\" title=\"WhatsApp Image 2024-06-01 \u00e0 6.13.01 PM\" srcset=\"https:\/\/www.zanjarajuno.org\/wp-content\/uploads\/2024\/06\/WhatsApp-Image-2024-06-01-at-6.13.01-PM.jpeg 562w, https:\/\/www.zanjarajuno.org\/wp-content\/uploads\/2024\/06\/WhatsApp-Image-2024-06-01-at-6.13.01-PM-11x12.jpeg 11w\" sizes=\"auto, (max-width: 268px) 100vw, 268px\" \/><\/div>\n\t\t<\/div>\n\t<\/div>\n\n\t<div class=\"wpb_text_column wpb_content_element\">\n\t\t<div class=\"wpb_wrapper\">\n\t\t\t<p style=\"text-align: center;\"><strong>Alejandra Tapia Arias (\"Chanceli\u00e8re du peuple\")<\/strong><\/p>\n<p style=\"text-align: justify;\">Communicateur dans le domaine des arts et de la biodiversit\u00e9. Amazone-Ande. Enseignante \u00e0 l'universit\u00e9. Gr\u00e2ce \u00e0 sa profession dans le domaine de la communication organisationnelle, elle a con\u00e7u et ex\u00e9cut\u00e9 des projets et des initiatives avec la participation de la communaut\u00e9 pour Zanja Arajuno, en articulant et en coordonnant des \u00e9quipes, en \u00e9tudiant les besoins r\u00e9els en fonction des contextes changeants et en optimisant les outils et les flux de communication, ce qui se refl\u00e8te dans son travail dans les domaines suivants<a href=\"https:\/\/www.morebooks.shop\/shop-ui\/shop\/product\/978-3-8417-6213-9\" target=\"_blank\" rel=\"noopener\"> m\u00e9moire de ma\u00eetrise<\/a>consacr\u00e9 \u00e0 la \"faune\" (animale et urbaine) de Zanja Arajuno. Gr\u00e2ce \u00e0 cette pratique (toujours collective), Zanja Arajuno dispose de r\u00e9seaux de coop\u00e9ration avec de nouvelles organisations, d'une pr\u00e9sence dans les r\u00e9seaux, d'un site web et de diverses campagnes, aujourd'hui men\u00e9es par Lucerito. Sa passion pour les arts a \u00e9galement li\u00e9 son travail \u00e0 l'\u00e9ducation environnementale pour le changement social dans les communaut\u00e9s rurales, indig\u00e8nes et urbaines et dans les espaces acad\u00e9miques. Actuellement, elle est charg\u00e9e des relations publiques avec les organisations de coop\u00e9ration et des strat\u00e9gies de durabilit\u00e9 pour la r\u00e9serve. Zanja Arajuno continue d'\u00eatre son laboratoire vivant et dialectique d'enseignement et d'apprentissage pour la construction de r\u00eaves collectifs.<\/p>\n<p>&nbsp;<\/p>\n\n\t\t<\/div> \n\t<\/div> \n\t<div class=\"wpb_single_image wpb_content_element vc_align_center\">\n\t\t<div class=\"wpb_wrapper\">\n\t\t\t\n\t\t\t<div class=\"vc_single_image-wrapper   vc_box_border_grey\"><img loading=\"lazy\" decoding=\"async\" width=\"300\" height=\"211\" src=\"https:\/\/www.zanjarajuno.org\/wp-content\/uploads\/2024\/06\/foto-david.jpeg\" class=\"vc_single_image-img attachment-medium\" alt=\"\" title=\"photo david\" srcset=\"https:\/\/www.zanjarajuno.org\/wp-content\/uploads\/2024\/06\/foto-david.jpeg 1513w, https:\/\/www.zanjarajuno.org\/wp-content\/uploads\/2024\/06\/foto-david-1024x721.jpeg 1024w, https:\/\/www.zanjarajuno.org\/wp-content\/uploads\/2024\/06\/foto-david-18x12.jpeg 18w\" sizes=\"auto, (max-width: 300px) 100vw, 300px\" \/><\/div>\n\t\t<\/div>\n\t<\/div>\n\n\t<div class=\"wpb_text_column wpb_content_element\">\n\t\t<div class=\"wpb_wrapper\">\n\t\t\t<p style=\"text-align: center;\"><strong>David Tapia Mora (gu\u00eda y productor musical)<\/strong><\/p>\n<p style=\"text-align: justify;\">Jeune amazonien qui a grandi au milieu de la nature, ce qui lui a inculqu\u00e9 un amour et un respect profonds pour tous les \u00eatres vivants. Passionn\u00e9 de musique et d'art en g\u00e9n\u00e9ral, il est appel\u00e9 <strong>\"Cabo Pensamiento\", <\/strong>\u00a0utilise ces formes d'expression pour partager ses id\u00e9es sur sa fa\u00e7on d'interpr\u00e9ter le monde, avec l'intention d'\u00e9veiller la conscience des gens. Il \u00e9tudie actuellement la communication dans le but d'utiliser sa profession comme outil de promotion de la protection de l'environnement et de la lutte sociale. Il est \u00e9galement un fervent adepte du hip hop et cherche \u00e0 \u00e9lever ce genre, en l'\u00e9loignant des stigmates du monde capitaliste et en mettant en lumi\u00e8re ses v\u00e9ritables origines. Son engagement pour le hip hop se manifeste \u00e9galement dans sa dimension sociale et \u00e9ducative, en utilisant cette culture comme moyen de communication pour alerter sur les probl\u00e8mes de la soci\u00e9t\u00e9. \u00c0 Zanja Arajuno, il apporte sa contribution en accompagnant les visiteurs et en expliquant les interactions dans la jungle, soulignant l'importance de la conservation et du respect de la nature.<\/p>\n<div class=\"mt-1 flex gap-3 empty:hidden juice:-ml-3\">\n<div class=\"items-center justify-start rounded-xl p-1 flex\">\n<div class=\"flex items-center\">\n<div class=\"flex items-center pb-0.5 juice:pb-0\">\n<div class=\"&#091;&amp;_svg&#093;:h-full &#091;&amp;_svg&#093;:w-full icon-md h-4 w-4\"><\/div>\n<p>&nbsp;<\/p>\n<\/div>\n<\/div>\n<\/div>\n<\/div>\n\n\t\t<\/div> \n\t<\/div> \n\t<div class=\"wpb_single_image wpb_content_element vc_align_center\">\n\t\t<div class=\"wpb_wrapper\">\n\t\t\t\n\t\t\t<div class=\"vc_single_image-wrapper   vc_box_border_grey\"><img loading=\"lazy\" decoding=\"async\" width=\"300\" height=\"300\" src=\"https:\/\/www.zanjarajuno.org\/wp-content\/uploads\/2024\/06\/o45bc068.jpg\" class=\"vc_single_image-img attachment-medium\" alt=\"\" title=\"o45bc068\" srcset=\"https:\/\/www.zanjarajuno.org\/wp-content\/uploads\/2024\/06\/o45bc068.jpg 400w, https:\/\/www.zanjarajuno.org\/wp-content\/uploads\/2024\/06\/o45bc068-150x150.jpg 150w, https:\/\/www.zanjarajuno.org\/wp-content\/uploads\/2024\/06\/o45bc068-12x12.jpg 12w\" sizes=\"auto, (max-width: 300px) 100vw, 300px\" \/><\/div>\n\t\t<\/div>\n\t<\/div>\n\n\t<div class=\"wpb_text_column wpb_content_element\">\n\t\t<div class=\"wpb_wrapper\">\n\t\t\t<p style=\"text-align: center;\"><strong>Andr\u00e9s Tapia Arias (Biologiste-communicateur)<\/strong><\/p>\n<p style=\"text-align: justify;\">En tant que biologiste, il a encourag\u00e9 les premi\u00e8res initiatives de recherche sur les esp\u00e8ces end\u00e9miques de Zanja Arajuno, en contact avec des universit\u00e9s, des institutions, des organisations, des professeurs et des experts. L'un des \u00e9v\u00e9nements les plus m\u00e9morables a \u00e9t\u00e9 la visite de Jeff Corvin (+) d'Animal Planet. Il a \u00e9tudi\u00e9 et \u00e9tudi\u00e9 la biodiversit\u00e9 de l'Amazonie \u00e9quatorienne, et son travail en laboratoire et sur le terrain avec le tapir amazonien et andin est remarquable, car il fait partie du r\u00e9seau de sp\u00e9cialistes de cette esp\u00e8ce. Il a particip\u00e9 en tant qu'expert \u00e0 des s\u00e9minaires et des ateliers en Indon\u00e9sie, en Malaisie, en Inde, aux \u00c9tats-Unis, en Su\u00e8de et en Am\u00e9rique latine. Il a \u00e9galement travaill\u00e9 sur des initiatives de surveillance et des plans de vie locaux avec des peuples indig\u00e8nes.<br \/>\nEn tant que communicateur, son travail militant et soutenu en tant que responsable de la communication de la Confeniae a conduit \u00e0 la formation de l'\u00e9quipe de communicateurs communautaires Lanceros digitales et La Voz de la Confeniae, au d\u00e9veloppement de projets de coop\u00e9ration pour fournir aux communaut\u00e9s des fr\u00e9quences radio UHF, ainsi qu'\u00e0 des campagnes de plaidoyer au niveau international pour la protection de l'Amazonie. Il poursuit actuellement un doctorat en communication au Mexique. Il a publi\u00e9 des articles scientifiques, des rapports et des livres dans les domaines de la communication et de la biologie. Avec Yanda Montawano, il est cor\u00e9alisateur du documentaire \"Allpamanda\", qui a \u00e9t\u00e9 prim\u00e9 et reconnu dans plusieurs festivals du film \u00e0 travers le monde.<\/p>\n<p>&nbsp;<\/p>\n\n\t\t<\/div> \n\t<\/div> \t<div class=\"vc_empty_space\"  style=\"height: 35px\" ><span\n\t\t\tclass=\"vc_empty_space_inner\">\n\t\t\t<span class=\"empty_space_image\"  ><\/span>\n\t\t<\/span><\/div>\n\n\n\t<div class=\"wpb_single_image wpb_content_element vc_align_center\">\n\t\t<div class=\"wpb_wrapper\">\n\t\t\t\n\t\t\t<a class=\"qode-prettyphoto qode-single-image-pretty-photo\" data-rel=\"prettyPhoto[rel-111-1268278115]\" href=\"https:\/\/www.zanjarajuno.org\/wp-content\/uploads\/2024\/05\/equipo.jpg\" target=\"_self\"><div class=\"vc_single_image-wrapper   vc_box_border_grey\"><img loading=\"lazy\" decoding=\"async\" width=\"1024\" height=\"768\" src=\"https:\/\/www.zanjarajuno.org\/wp-content\/uploads\/2024\/05\/equipo.jpg\" class=\"vc_single_image-img attachment-large\" alt=\"\" title=\"\u00e9quipe\" srcset=\"https:\/\/www.zanjarajuno.org\/wp-content\/uploads\/2024\/05\/equipo.jpg 1024w, https:\/\/www.zanjarajuno.org\/wp-content\/uploads\/2024\/05\/equipo-16x12.jpg 16w\" sizes=\"auto, (max-width: 1024px) 100vw, 1024px\" \/><\/div><\/a>\n\t\t<\/div>\n\t<\/div>\n<\/div><\/div><\/div><\/div><\/div><\/div><div      class=\"vc_row wpb_row section vc_row-fluid  vc_custom_1717090683257 grid_section\" style=' text-align:center;'><div class=\"section_inner clearfix\"><div class='section_inner_margin clearfix'><div class=\"wpb_column vc_column_container vc_col-sm-12\"><div class=\"vc_column-inner\"><div class=\"wpb_wrapper\"><a itemprop=\"url\" href=\"https:\/\/www.zanjarajuno.org\/fr\/notre-histoire\/\" target=\"_self\" data-hover-background-color=\"rgba(255,255,255,0.01)\" data-hover-border-color=\"#000000\" class=\"qbutton  small default\" style=\"\">Notre histoire<\/a><\/div><\/div><\/div><\/div><\/div><\/div><div      class=\"vc_row wpb_row section vc_row-fluid\" style=' border-bottom: 1px solid grey; text-align:left;'><div class=\"full_section_inner clearfix\"><div class=\"wpb_column vc_column_container vc_col-sm-12\"><div class=\"vc_column-inner\"><div class=\"wpb_wrapper\"><\/div><\/div><\/div><\/div><\/div><div      class=\"vc_row wpb_row section vc_row-fluid\" style=' text-align:left;'><div class=\"full_section_inner clearfix\"><div class=\"wpb_column vc_column_container vc_col-sm-12\"><div class=\"vc_column-inner\"><div class=\"wpb_wrapper\"><\/div><\/div><\/div><\/div><\/div><div      class=\"vc_row wpb_row section vc_row-fluid\" style=' border-bottom: 1px solid grey; text-align:left;'><div class=\"full_section_inner clearfix\"><div class=\"wpb_column vc_column_container vc_col-sm-12\"><div class=\"vc_column-inner\"><div class=\"wpb_wrapper\"><\/div><\/div><\/div><\/div><\/div><div      class=\"vc_row wpb_row section vc_row-fluid\" style=' text-align:left;'><div class=\"full_section_inner clearfix\"><div class=\"wpb_column vc_column_container vc_col-sm-6\"><div class=\"vc_column-inner\"><div class=\"wpb_wrapper\"><\/div><\/div><\/div><div class=\"wpb_column vc_column_container vc_col-sm-6\"><div class=\"vc_column-inner\"><div class=\"wpb_wrapper\"><\/div><\/div><\/div><\/div><\/div>\n<\/div>","protected":false},"excerpt":{"rendered":"Centro Ecol\u00f3gico Zanja Arajuno Somos una familia andino-amaz\u00f3nica que mediante autogesti\u00f3n cuida una porci\u00f3n del planeta para mostrar que es posible una vida m\u00e1s equilibrada, en respeto y armon\u00eda con la naturaleza mediante la participaci\u00f3n comunitaria.\u00a0Zanja Arajuno es un centro ecol\u00f3gico que trabaja 100% por...","protected":false},"author":4,"featured_media":0,"parent":0,"menu_order":1,"comment_status":"closed","ping_status":"closed","template":"full_width.php","meta":{"footnotes":""},"class_list":["post-111","page","type-page","status-publish","hentry"],"_links":{"self":[{"href":"https:\/\/www.zanjarajuno.org\/fr\/wp-json\/wp\/v2\/pages\/111","targetHints":{"allow":["GET"]}}],"collection":[{"href":"https:\/\/www.zanjarajuno.org\/fr\/wp-json\/wp\/v2\/pages"}],"about":[{"href":"https:\/\/www.zanjarajuno.org\/fr\/wp-json\/wp\/v2\/types\/page"}],"author":[{"embeddable":true,"href":"https:\/\/www.zanjarajuno.org\/fr\/wp-json\/wp\/v2\/users\/4"}],"replies":[{"embeddable":true,"href":"https:\/\/www.zanjarajuno.org\/fr\/wp-json\/wp\/v2\/comments?post=111"}],"version-history":[{"count":124,"href":"https:\/\/www.zanjarajuno.org\/fr\/wp-json\/wp\/v2\/pages\/111\/revisions"}],"predecessor-version":[{"id":1790,"href":"https:\/\/www.zanjarajuno.org\/fr\/wp-json\/wp\/v2\/pages\/111\/revisions\/1790"}],"wp:attachment":[{"href":"https:\/\/www.zanjarajuno.org\/fr\/wp-json\/wp\/v2\/media?parent=111"}],"curies":[{"name":"wp","href":"https:\/\/api.w.org\/{rel}","templated":true}]}}