{"id":111,"date":"2018-02-13T12:23:51","date_gmt":"2018-02-13T17:23:51","guid":{"rendered":"http:\/\/bridge160.qodeinteractive.com\/?page_id=111"},"modified":"2026-08-21T16:52:21","modified_gmt":"2026-08-21T21:52:21","slug":"quienes-somos","status":"publish","type":"page","link":"https:\/\/www.zanjarajuno.org\/en\/who-we-are\/","title":{"rendered":"Who we are"},"content":{"rendered":"<div class=\"wpb-content-wrapper\"><div      class=\"vc_row wpb_row section vc_row-fluid  vc_custom_1622150230180 grid_section\" style=' text-align:left;'><div class=\"section_inner clearfix\"><div class='section_inner_margin clearfix'><div class=\"wpb_column vc_column_container vc_col-sm-12\"><div class=\"vc_column-inner vc_custom_1623958278633\"><div class=\"wpb_wrapper\">\n\t<div class=\"wpb_text_column wpb_content_element\">\n\t\t<div class=\"wpb_wrapper\">\n\t\t\t<h2>Zanja Arajuno Ecological Center<\/h2>\n<p style=\"text-align: justify;\">Somos una familia andino-amaz\u00f3nica que mediante autogesti\u00f3n cuida una porci\u00f3n del planeta para mostrar que es posible una vida m\u00e1s equilibrada, en respeto y armon\u00eda con la naturaleza mediante la participaci\u00f3n comunitaria.\u00a0Zanja Arajuno es un centro ecol\u00f3gico que trabaja 100% por autogesti\u00f3n en investigaci\u00f3n, voluntariado y educaci\u00f3n ambiental, conformado por un grupo multidisciplinario de profesionales ligados a la conservaci\u00f3n de la Amazonia.<\/p>\n<p style=\"text-align: justify;\">This is a 52-hectare private ecological reserve located in the upper Amazon.<\/p>\n\n\t\t<\/div> \n\t<\/div> \n\t<div class=\"wpb_single_image wpb_content_element vc_align_center\">\n\t\t<div class=\"wpb_wrapper\">\n\t\t\t\n\t\t\t<div class=\"vc_single_image-wrapper   vc_box_border_grey\"><img loading=\"lazy\" decoding=\"async\" width=\"300\" height=\"249\" src=\"https:\/\/www.zanjarajuno.org\/wp-content\/uploads\/2024\/05\/IMG_0070-e1717109154286.jpg\" class=\"vc_single_image-img attachment-medium\" alt=\"\" title=\"IMG_0070\" srcset=\"https:\/\/www.zanjarajuno.org\/wp-content\/uploads\/2024\/05\/IMG_0070-e1717109154286.jpg 1918w, https:\/\/www.zanjarajuno.org\/wp-content\/uploads\/2024\/05\/IMG_0070-e1717109154286-1024x850.jpg 1024w, https:\/\/www.zanjarajuno.org\/wp-content\/uploads\/2024\/05\/IMG_0070-e1717109154286-1536x1276.jpg 1536w, https:\/\/www.zanjarajuno.org\/wp-content\/uploads\/2024\/05\/IMG_0070-e1717109154286-14x12.jpg 14w\" sizes=\"auto, (max-width: 300px) 100vw, 300px\" \/><\/div>\n\t\t<\/div>\n\t<\/div>\n\n\t<div class=\"wpb_text_column wpb_content_element\">\n\t\t<div class=\"wpb_wrapper\">\n\t\t\t<div class=\"flex-1 overflow-hidden\">\n<div class=\"react-scroll-to-bottom--css-djyhv-79elbk h-full\">\n<div class=\"react-scroll-to-bottom--css-djyhv-1n7m0yu\">\n<div>\n<div class=\"flex flex-col text-sm pb-9\">\n<div class=\"w-full text-token-text-primary\" dir=\"auto\" data-testid=\"conversation-turn-5\" data-scroll-anchor=\"true\">\n<div class=\"py-2 juice:py-&#091;18px&#093; px-3 text-base md:px-4 m-auto md:px-5 lg:px-1 xl:px-5\">\n<div class=\"mx-auto flex flex-1 gap-3 text-base juice:gap-4 juice:md:gap-6 md:max-w-3xl lg:max-w-&#091;40rem&#093; xl:max-w-&#091;48rem&#093;\">\n<div class=\"group\/conversation-turn relative flex w-full min-w-0 flex-col agent-turn\">\n<div class=\"flex-col gap-1 md:gap-3\">\n<div class=\"flex flex-grow flex-col max-w-full\">\n<div class=\"min-h-&#091;20px&#093; text-message flex flex-col items-start whitespace-pre-wrap break-words &#091;.text-message+&amp;&#093;:mt-5 juice:w-full juice:items-end overflow-x-auto gap-3\" dir=\"auto\" data-message-author-role=\"assistant\" data-message-id=\"68470d7a-3885-4c82-9fa7-7dbd40b79e31\">\n<div class=\"markdown prose w-full break-words dark:prose-invert light\">\n<p style=\"text-align: center;\"><strong>Medardo Tapia Rom\u00e1n (Founder)<\/strong><\/p>\n<\/div>\n<\/div>\n<\/div>\n<\/div>\n<\/div>\n<\/div>\n<\/div>\n<\/div>\n<\/div>\n<\/div>\n<\/div>\n<\/div>\n<\/div>\n<p style=\"text-align: justify;\">Born in Riobamba on August 28, 1955, he is an outstanding figure in the protection of the Amazonian ecosystem. An agronomist by training, his vision with the wanduk (floripondio), a natural medicine, led him to move to Pastaza in 1983, where he joined the Organization of Indigenous Peoples of Pastaza (OPIP) and directed the Technological Center of Amazonian Resources, known as \"Centro Fatima\". His commitment to the indigenous cause was reflected in his participation in movements such as the historic Allpamanda, Kawsaymanada, Jatarishun march in 1992. Recognized with the National Ecological Merit Award in 1994, in 2007 he founded the Zanja Arajuno Ecological Center, a conservation sanctuary for wildlife reintroduction and habitat restoration in the upper Amazon. His legacy includes writing books and manuals on wildlife resource management and lecturing nationally and internationally.<\/p>\n\n\t\t<\/div> \n\t<\/div> \n\t<div class=\"wpb_single_image wpb_content_element vc_align_center\">\n\t\t<div class=\"wpb_wrapper\">\n\t\t\t\n\t\t\t<div class=\"vc_single_image-wrapper   vc_box_border_grey\"><img loading=\"lazy\" decoding=\"async\" width=\"300\" height=\"242\" src=\"https:\/\/www.zanjarajuno.org\/wp-content\/uploads\/2024\/05\/WhatsApp-Image-2024-05-30-at-1.32.19-PM.jpeg\" class=\"vc_single_image-img attachment-medium\" alt=\"\" title=\"WhatsApp Image 2024-05-30 at 1.32.19 PM\" srcset=\"https:\/\/www.zanjarajuno.org\/wp-content\/uploads\/2024\/05\/WhatsApp-Image-2024-05-30-at-1.32.19-PM.jpeg 1600w, https:\/\/www.zanjarajuno.org\/wp-content\/uploads\/2024\/05\/WhatsApp-Image-2024-05-30-at-1.32.19-PM-1024x828.jpeg 1024w, https:\/\/www.zanjarajuno.org\/wp-content\/uploads\/2024\/05\/WhatsApp-Image-2024-05-30-at-1.32.19-PM-1536x1241.jpeg 1536w, https:\/\/www.zanjarajuno.org\/wp-content\/uploads\/2024\/05\/WhatsApp-Image-2024-05-30-at-1.32.19-PM-15x12.jpeg 15w\" sizes=\"auto, (max-width: 300px) 100vw, 300px\" \/><\/div>\n\t\t<\/div>\n\t<\/div>\n\n\t<div class=\"wpb_text_column wpb_content_element\">\n\t\t<div class=\"wpb_wrapper\">\n\t\t\t<div class=\"flex-1 overflow-hidden\">\n<div class=\"react-scroll-to-bottom--css-djyhv-79elbk h-full\">\n<div class=\"react-scroll-to-bottom--css-djyhv-1n7m0yu\">\n<div class=\"flex flex-col text-sm\">\n<div class=\"w-full text-token-text-primary\" dir=\"auto\" data-testid=\"conversation-turn-3\" data-scroll-anchor=\"true\">\n<div class=\"py-2 juice:py-&#091;18px&#093; px-3 text-base md:px-4 m-auto md:px-5 lg:px-1 xl:px-5\">\n<div class=\"mx-auto flex flex-1 gap-3 text-base juice:gap-4 juice:md:gap-6 md:max-w-3xl lg:max-w-&#091;40rem&#093; xl:max-w-&#091;48rem&#093;\">\n<div class=\"group\/conversation-turn relative flex w-full min-w-0 flex-col agent-turn\">\n<div class=\"flex-col gap-1 md:gap-3\">\n<div class=\"flex flex-grow flex-col max-w-full\">\n<div class=\"min-h-&#091;20px&#093; text-message flex flex-col items-start whitespace-pre-wrap break-words &#091;.text-message+&amp;&#093;:mt-5 juice:w-full juice:items-end overflow-x-auto gap-3\" dir=\"auto\" data-message-author-role=\"assistant\" data-message-id=\"53c42dbf-4155-492e-8cde-aa1c32ac517d\">\n<div class=\"markdown prose w-full break-words dark:prose-invert light\">\n<p style=\"text-align: center;\"><strong>Lucero Mora Mu\u00f1oz (Director)<\/strong><\/p>\n<p style=\"text-align: justify;\">Graduated from the National University of Colombia as a Zootechnician in 2003, Nubia Lucero has dedicated her life to understanding and protecting the delicate ecosystems of the rainforest. From her time at the Fatima Center for the Rehabilitation and Rescue of Wild Animals to her leadership of the Zanja Arajuno Ecological Center, her work has been a combination of caring, research and learning. Over the years, she has worked on rehabilitation and reintroduction projects for endangered species, as well as environmental education programs for local communities and visitors. As founder and director of community theater groups, she has used art as a powerful tool to convey messages of conservation and social change. Her recent work focuses on coordinating volunteers for the citizen biodiversity census in alliance with Fundaci\u00f3n Despierta and Planete Urgence (2022-2025), managing the Sachateca Yachay Wasi Community Library (2025), and facilitating workshops on ecology, biodiversity, environmental issues, territorial defense, and community conservation strategies.<\/p>\n<\/div>\n<\/div>\n<\/div>\n<div class=\"mt-1 flex gap-3 empty:hidden juice:-ml-3\">\n<div class=\"-ml-1 mt-0 flex h-7 items-center justify-center gap-&#091;2px&#093; self-end text-gray-400 lg:justify-start lg:self-center visible\"><\/div>\n<\/div>\n<div class=\"pr-2 lg:pr-0\"><\/div>\n<\/div>\n<div class=\"absolute\">\n<div class=\"flex w-full gap-2 items-center justify-center\"><\/div>\n<\/div>\n<\/div>\n<\/div>\n<\/div>\n<\/div>\n<\/div>\n<\/div>\n<\/div>\n<\/div>\n<div class=\"w-full md:pt-0 dark:border-white\/20 md:border-transparent md:dark:border-transparent md:w-&#091;calc(100%-.5rem)&#093; juice:w-full\">\n<div class=\"px-3 text-base md:px-4 m-auto md:px-5 lg:px-1 xl:px-5\">\n<div class=\"mx-auto flex flex-1 gap-3 text-base juice:gap-4 juice:md:gap-6 md:max-w-3xl lg:max-w-&#091;40rem&#093; xl:max-w-&#091;48rem&#093;\">\n<form class=\"w-full\" action=\"\">\n<div class=\"relative flex h-full max-w-full flex-1 flex-col\">\n<div class=\"absolute bottom-full left-0 right-0 z-20\">\n<div class=\"relative h-full w-full\">\n<div class=\"flex flex-col gap-3.5 pb-3.5 pt-2\">\n<div class=\"text-sm rounded-xl p-4 text-token-text-secondary flex items-center gap-3 fruit:rounded-2xl border border-token-border-light bg-token-main-surface-primary\"><\/div>\n<\/div>\n<\/div>\n<\/div>\n<\/div>\n<input type=\"hidden\" name=\"trp-form-language\" value=\"en\"\/><\/form>\n<\/div>\n<\/div>\n<\/div>\n\n\t\t<\/div> \n\t<\/div> \n\t<div class=\"wpb_single_image wpb_content_element vc_align_center\">\n\t\t<div class=\"wpb_wrapper\">\n\t\t\t\n\t\t\t<div class=\"vc_single_image-wrapper   vc_box_border_grey\"><img loading=\"lazy\" decoding=\"async\" width=\"268\" height=\"300\" src=\"https:\/\/www.zanjarajuno.org\/wp-content\/uploads\/2024\/06\/WhatsApp-Image-2024-06-01-at-6.13.01-PM.jpeg\" class=\"vc_single_image-img attachment-medium\" alt=\"\" title=\"WhatsApp Image 2024-06-01 at 6.13.01 PM\" srcset=\"https:\/\/www.zanjarajuno.org\/wp-content\/uploads\/2024\/06\/WhatsApp-Image-2024-06-01-at-6.13.01-PM.jpeg 562w, https:\/\/www.zanjarajuno.org\/wp-content\/uploads\/2024\/06\/WhatsApp-Image-2024-06-01-at-6.13.01-PM-11x12.jpeg 11w\" sizes=\"auto, (max-width: 268px) 100vw, 268px\" \/><\/div>\n\t\t<\/div>\n\t<\/div>\n\n\t<div class=\"wpb_text_column wpb_content_element\">\n\t\t<div class=\"wpb_wrapper\">\n\t\t\t<p style=\"text-align: center;\"><strong>Alejandra Tapia Arias (\"Chancellor of the People\")<\/strong><\/p>\n<p style=\"text-align: justify;\">Arts and biodiversity communicator. Amazonian-Andean. University teacher. Due to her profession in organizational communication, she has designed and executed projects and initiatives with community participation for Zanja Arajuno, articulating and coordinating teams, investigating real needs according to changing contexts and optimizing communication tools and flows, which can be seen in her work in the field of communication.<a href=\"https:\/\/www.morebooks.shop\/shop-ui\/shop\/product\/978-3-8417-6213-9\" target=\"_blank\" rel=\"noopener\"> master's thesis<\/a>dedicated to the \"fauna\" (animal and urban) of Zanja Arajuno. As a result of this practice (always collective), Zanja Arajuno has cooperation networks with new organizations, presence in networks, web page and several campaigns, today led by Lucerito. Her passion for the arts has also linked the work of environmental education for social change in rural, indigenous and urban communities and academic spaces. Currently, she is in charge of public relations with cooperation organizations and sustainability strategies for the reserve. Zanja Arajuno continues to be her living and dialectical laboratory of teaching-learning for the construction of collective dreams.<\/p>\n<p>&nbsp;<\/p>\n\n\t\t<\/div> \n\t<\/div> \n\t<div class=\"wpb_single_image wpb_content_element vc_align_center\">\n\t\t<div class=\"wpb_wrapper\">\n\t\t\t\n\t\t\t<div class=\"vc_single_image-wrapper   vc_box_border_grey\"><img loading=\"lazy\" decoding=\"async\" width=\"300\" height=\"211\" src=\"https:\/\/www.zanjarajuno.org\/wp-content\/uploads\/2024\/06\/foto-david.jpeg\" class=\"vc_single_image-img attachment-medium\" alt=\"\" title=\"photo david\" srcset=\"https:\/\/www.zanjarajuno.org\/wp-content\/uploads\/2024\/06\/foto-david.jpeg 1513w, https:\/\/www.zanjarajuno.org\/wp-content\/uploads\/2024\/06\/foto-david-1024x721.jpeg 1024w, https:\/\/www.zanjarajuno.org\/wp-content\/uploads\/2024\/06\/foto-david-18x12.jpeg 18w\" sizes=\"auto, (max-width: 300px) 100vw, 300px\" \/><\/div>\n\t\t<\/div>\n\t<\/div>\n\n\t<div class=\"wpb_text_column wpb_content_element\">\n\t\t<div class=\"wpb_wrapper\">\n\t\t\t<p style=\"text-align: center;\"><strong>David Tapia Mora (gu\u00eda y productor musical)<\/strong><\/p>\n<p style=\"text-align: justify;\">Young Amazonian who has grown up surrounded by nature, which has instilled in him a deep love and respect for all living beings. Passionate about music and art in general, he is called <strong>\"Cabo Pensamiento\", <\/strong>\u00a0uses these forms of expression to share her ideas about her way of interpreting the world, with the intention of awakening people's conscience. He is currently studying communication with the aim of using his profession as a tool to promote environmental care and social struggle. He is also a fervent hip hop enthusiast and seeks to elevate this genre, distancing it from the stigma of the capitalist world and highlighting its true origins. His commitment to hip hop also manifests itself in its social and educational dimension, using this culture as a means of communication to warn about society's problems. In Zanja Arajuno, he contributes by accompanying visitors and explaining the interactions within the jungle, highlighting the importance of conservation and respect for nature.<\/p>\n<div class=\"mt-1 flex gap-3 empty:hidden juice:-ml-3\">\n<div class=\"items-center justify-start rounded-xl p-1 flex\">\n<div class=\"flex items-center\">\n<div class=\"flex items-center pb-0.5 juice:pb-0\">\n<div class=\"&#091;&amp;_svg&#093;:h-full &#091;&amp;_svg&#093;:w-full icon-md h-4 w-4\"><\/div>\n<p>&nbsp;<\/p>\n<\/div>\n<\/div>\n<\/div>\n<\/div>\n\n\t\t<\/div> \n\t<\/div> \n\t<div class=\"wpb_single_image wpb_content_element vc_align_center\">\n\t\t<div class=\"wpb_wrapper\">\n\t\t\t\n\t\t\t<div class=\"vc_single_image-wrapper   vc_box_border_grey\"><img loading=\"lazy\" decoding=\"async\" width=\"300\" height=\"300\" src=\"https:\/\/www.zanjarajuno.org\/wp-content\/uploads\/2024\/06\/o45bc068.jpg\" class=\"vc_single_image-img attachment-medium\" alt=\"\" title=\"o45bc068\" srcset=\"https:\/\/www.zanjarajuno.org\/wp-content\/uploads\/2024\/06\/o45bc068.jpg 400w, https:\/\/www.zanjarajuno.org\/wp-content\/uploads\/2024\/06\/o45bc068-150x150.jpg 150w, https:\/\/www.zanjarajuno.org\/wp-content\/uploads\/2024\/06\/o45bc068-12x12.jpg 12w\" sizes=\"auto, (max-width: 300px) 100vw, 300px\" \/><\/div>\n\t\t<\/div>\n\t<\/div>\n\n\t<div class=\"wpb_text_column wpb_content_element\">\n\t\t<div class=\"wpb_wrapper\">\n\t\t\t<p style=\"text-align: center;\"><strong>Andr\u00e9s Tapia Arias (Biologist-communicator)<\/strong><\/p>\n<p style=\"text-align: justify;\">As a biologist, he promoted the first research initiatives of endemic species of Zanja Arajuno, contact with Universities, Institutions, Organizations, professors and experts. One of the most memorable was the visit of Jeff Corvin (+) from Animal Planet. He has studies and researches on the Ecuadorian Amazonian biodiversity, his works in laboratory and field with the Amazonian and Andean tapir stand out, being part of the network of specialists of this species. He has participated as an expert in seminars and workshops in Indonesia, Malaysia, India, United States, Sweden and Latin America. He has also worked in monitoring initiatives and local life plans with indigenous peoples.<br \/>\nAs a communicator, his militant and sustained work as a communication leader of Confeniae, achieved the formation of the team of community communicators Lanceros digitales and La Voz de la Confeniae, developing cooperation projects to provide communities with UHF radio frequencies, in addition to advocacy campaigns at the international level for the protection of the Amazon. He is currently pursuing a doctorate in communication in Mexico. He has published scientific articles, reports and books in the fields of communication and biology. Together with Yanda Montawano, he is co-director of the documentary \"Allpamanda\", with which they have received merits and awards in various film festivals around the world.<\/p>\n<p>&nbsp;<\/p>\n\n\t\t<\/div> \n\t<\/div> \t<div class=\"vc_empty_space\"  style=\"height: 35px\" ><span\n\t\t\tclass=\"vc_empty_space_inner\">\n\t\t\t<span class=\"empty_space_image\"  ><\/span>\n\t\t<\/span><\/div>\n\n\n\t<div class=\"wpb_single_image wpb_content_element vc_align_center\">\n\t\t<div class=\"wpb_wrapper\">\n\t\t\t\n\t\t\t<a class=\"qode-prettyphoto qode-single-image-pretty-photo\" data-rel=\"prettyPhoto[rel-111-3851489842]\" href=\"https:\/\/www.zanjarajuno.org\/wp-content\/uploads\/2024\/05\/equipo.jpg\" target=\"_self\"><div class=\"vc_single_image-wrapper   vc_box_border_grey\"><img loading=\"lazy\" decoding=\"async\" width=\"1024\" height=\"768\" src=\"https:\/\/www.zanjarajuno.org\/wp-content\/uploads\/2024\/05\/equipo.jpg\" class=\"vc_single_image-img attachment-large\" alt=\"\" title=\"team\" srcset=\"https:\/\/www.zanjarajuno.org\/wp-content\/uploads\/2024\/05\/equipo.jpg 1024w, https:\/\/www.zanjarajuno.org\/wp-content\/uploads\/2024\/05\/equipo-16x12.jpg 16w\" sizes=\"auto, (max-width: 1024px) 100vw, 1024px\" \/><\/div><\/a>\n\t\t<\/div>\n\t<\/div>\n<\/div><\/div><\/div><\/div><\/div><\/div><div      class=\"vc_row wpb_row section vc_row-fluid  vc_custom_1717090683257 grid_section\" style=' text-align:center;'><div class=\"section_inner clearfix\"><div class='section_inner_margin clearfix'><div class=\"wpb_column vc_column_container vc_col-sm-12\"><div class=\"vc_column-inner\"><div class=\"wpb_wrapper\"><a itemprop=\"url\" href=\"https:\/\/www.zanjarajuno.org\/en\/our-history\/\" target=\"_self\" data-hover-background-color=\"rgba(255,255,255,0.01)\" data-hover-border-color=\"#000000\" class=\"qbutton  small default\" style=\"\">Our history<\/a><\/div><\/div><\/div><\/div><\/div><\/div><div      class=\"vc_row wpb_row section vc_row-fluid\" style=' border-bottom: 1px solid grey; text-align:left;'><div class=\"full_section_inner clearfix\"><div class=\"wpb_column vc_column_container vc_col-sm-12\"><div class=\"vc_column-inner\"><div class=\"wpb_wrapper\"><\/div><\/div><\/div><\/div><\/div><div      class=\"vc_row wpb_row section vc_row-fluid\" style=' text-align:left;'><div class=\"full_section_inner clearfix\"><div class=\"wpb_column vc_column_container vc_col-sm-12\"><div class=\"vc_column-inner\"><div class=\"wpb_wrapper\"><\/div><\/div><\/div><\/div><\/div><div      class=\"vc_row wpb_row section vc_row-fluid\" style=' border-bottom: 1px solid grey; text-align:left;'><div class=\"full_section_inner clearfix\"><div class=\"wpb_column vc_column_container vc_col-sm-12\"><div class=\"vc_column-inner\"><div class=\"wpb_wrapper\"><\/div><\/div><\/div><\/div><\/div><div      class=\"vc_row wpb_row section vc_row-fluid\" style=' text-align:left;'><div class=\"full_section_inner clearfix\"><div class=\"wpb_column vc_column_container vc_col-sm-6\"><div class=\"vc_column-inner\"><div class=\"wpb_wrapper\"><\/div><\/div><\/div><div class=\"wpb_column vc_column_container vc_col-sm-6\"><div class=\"vc_column-inner\"><div class=\"wpb_wrapper\"><\/div><\/div><\/div><\/div><\/div>\n<\/div>","protected":false},"excerpt":{"rendered":"Centro Ecol\u00f3gico Zanja Arajuno Somos una familia andino-amaz\u00f3nica que mediante autogesti\u00f3n cuida una porci\u00f3n del planeta para mostrar que es posible una vida m\u00e1s equilibrada, en respeto y armon\u00eda con la naturaleza mediante la participaci\u00f3n comunitaria.\u00a0Zanja Arajuno es un centro ecol\u00f3gico que trabaja 100% por...","protected":false},"author":4,"featured_media":0,"parent":0,"menu_order":1,"comment_status":"closed","ping_status":"closed","template":"full_width.php","meta":{"footnotes":""},"class_list":["post-111","page","type-page","status-publish","hentry"],"_links":{"self":[{"href":"https:\/\/www.zanjarajuno.org\/en\/wp-json\/wp\/v2\/pages\/111","targetHints":{"allow":["GET"]}}],"collection":[{"href":"https:\/\/www.zanjarajuno.org\/en\/wp-json\/wp\/v2\/pages"}],"about":[{"href":"https:\/\/www.zanjarajuno.org\/en\/wp-json\/wp\/v2\/types\/page"}],"author":[{"embeddable":true,"href":"https:\/\/www.zanjarajuno.org\/en\/wp-json\/wp\/v2\/users\/4"}],"replies":[{"embeddable":true,"href":"https:\/\/www.zanjarajuno.org\/en\/wp-json\/wp\/v2\/comments?post=111"}],"version-history":[{"count":124,"href":"https:\/\/www.zanjarajuno.org\/en\/wp-json\/wp\/v2\/pages\/111\/revisions"}],"predecessor-version":[{"id":1790,"href":"https:\/\/www.zanjarajuno.org\/en\/wp-json\/wp\/v2\/pages\/111\/revisions\/1790"}],"wp:attachment":[{"href":"https:\/\/www.zanjarajuno.org\/en\/wp-json\/wp\/v2\/media?parent=111"}],"curies":[{"name":"wp","href":"https:\/\/api.w.org\/{rel}","templated":true}]}}