{"id":111,"date":"2018-02-13T12:23:51","date_gmt":"2018-02-13T17:23:51","guid":{"rendered":"http:\/\/bridge160.qodeinteractive.com\/?page_id=111"},"modified":"2026-08-21T16:52:21","modified_gmt":"2026-08-21T21:52:21","slug":"quienes-somos","status":"publish","type":"page","link":"https:\/\/www.zanjarajuno.org\/de\/uber-uns\/","title":{"rendered":"Wer wir sind"},"content":{"rendered":"<div class=\"wpb-content-wrapper\"><div      class=\"vc_row wpb_row section vc_row-fluid  vc_custom_1622150230180 grid_section\" style=' text-align:left;'><div class=\"section_inner clearfix\"><div class='section_inner_margin clearfix'><div class=\"wpb_column vc_column_container vc_col-sm-12\"><div class=\"vc_column-inner vc_custom_1623958278633\"><div class=\"wpb_wrapper\">\n\t<div class=\"wpb_text_column wpb_content_element\">\n\t\t<div class=\"wpb_wrapper\">\n\t\t\t<h2>\u00d6kologisches Zentrum Zanja Arajuno<\/h2>\n<p style=\"text-align: justify;\">Somos una familia andino-amaz\u00f3nica que mediante autogesti\u00f3n cuida una porci\u00f3n del planeta para mostrar que es posible una vida m\u00e1s equilibrada, en respeto y armon\u00eda con la naturaleza mediante la participaci\u00f3n comunitaria.\u00a0Zanja Arajuno es un centro ecol\u00f3gico que trabaja 100% por autogesti\u00f3n en investigaci\u00f3n, voluntariado y educaci\u00f3n ambiental, conformado por un grupo multidisciplinario de profesionales ligados a la conservaci\u00f3n de la Amazonia.<\/p>\n<p style=\"text-align: justify;\">Es ist ein 52 Hektar gro\u00dfes privates \u00f6kologisches Reservat im oberen Amazonasgebiet.<\/p>\n\n\t\t<\/div> \n\t<\/div> \n\t<div class=\"wpb_single_image wpb_content_element vc_align_center\">\n\t\t<div class=\"wpb_wrapper\">\n\t\t\t\n\t\t\t<div class=\"vc_single_image-wrapper   vc_box_border_grey\"><img loading=\"lazy\" decoding=\"async\" width=\"300\" height=\"249\" src=\"https:\/\/www.zanjarajuno.org\/wp-content\/uploads\/2024\/05\/IMG_0070-e1717109154286.jpg\" class=\"vc_single_image-img attachment-medium\" alt=\"\" title=\"IMG_0070\" srcset=\"https:\/\/www.zanjarajuno.org\/wp-content\/uploads\/2024\/05\/IMG_0070-e1717109154286.jpg 1918w, https:\/\/www.zanjarajuno.org\/wp-content\/uploads\/2024\/05\/IMG_0070-e1717109154286-1024x850.jpg 1024w, https:\/\/www.zanjarajuno.org\/wp-content\/uploads\/2024\/05\/IMG_0070-e1717109154286-1536x1276.jpg 1536w, https:\/\/www.zanjarajuno.org\/wp-content\/uploads\/2024\/05\/IMG_0070-e1717109154286-14x12.jpg 14w\" sizes=\"auto, (max-width: 300px) 100vw, 300px\" \/><\/div>\n\t\t<\/div>\n\t<\/div>\n\n\t<div class=\"wpb_text_column wpb_content_element\">\n\t\t<div class=\"wpb_wrapper\">\n\t\t\t<div class=\"flex-1 overflow-hidden\">\n<div class=\"react-scroll-to-bottom--css-djyhv-79elbk h-full\">\n<div class=\"react-scroll-to-bottom--css-djyhv-1n7m0yu\">\n<div>\n<div class=\"flex flex-col text-sm pb-9\">\n<div class=\"w-full text-token-text-primary\" dir=\"auto\" data-testid=\"conversation-turn-5\" data-scroll-anchor=\"true\">\n<div class=\"py-2 juice:py-&#091;18px&#093; px-3 text-base md:px-4 m-auto md:px-5 lg:px-1 xl:px-5\">\n<div class=\"mx-auto flex flex-1 gap-3 text-base juice:gap-4 juice:md:gap-6 md:max-w-3xl lg:max-w-&#091;40rem&#093; xl:max-w-&#091;48rem&#093;\">\n<div class=\"group\/conversation-turn relative flex w-full min-w-0 flex-col agent-turn\">\n<div class=\"flex-col gap-1 md:gap-3\">\n<div class=\"flex flex-grow flex-col max-w-full\">\n<div class=\"min-h-&#091;20px&#093; text-message flex flex-col items-start whitespace-pre-wrap break-words &#091;.text-message+&amp;&#093;:mt-5 juice:w-full juice:items-end overflow-x-auto gap-3\" dir=\"auto\" data-message-author-role=\"assistant\" data-message-id=\"68470d7a-3885-4c82-9fa7-7dbd40b79e31\">\n<div class=\"markdown prose w-full break-words dark:prose-invert light\">\n<p style=\"text-align: center;\"><strong>Medardo Tapia Rom\u00e1n (Gr\u00fcnder)<\/strong><\/p>\n<\/div>\n<\/div>\n<\/div>\n<\/div>\n<\/div>\n<\/div>\n<\/div>\n<\/div>\n<\/div>\n<\/div>\n<\/div>\n<\/div>\n<\/div>\n<p style=\"text-align: justify;\">Er wurde am 28. August 1955 in Riobamba geboren und ist eine f\u00fchrende Pers\u00f6nlichkeit beim Schutz des \u00d6kosystems Amazonas. Der gelernte Agrarwissenschaftler zog 1983 aufgrund seiner Vision f\u00fcr den Wanduk (floripondio), ein nat\u00fcrliches Heilmittel, nach Pastaza, wo er sich der Organisation der indigenen V\u00f6lker von Pastaza (OPIP) anschloss und das Technologiezentrum f\u00fcr amazonische Ressourcen, bekannt als \"Centro Fatima\", leitete. Sein Engagement f\u00fcr die indigene Sache zeigte sich in seiner Teilnahme an Bewegungen wie dem historischen Marsch von Allpamanda, Kawsaymanada und Jatarishun im Jahr 1992. Im Jahr 1994 wurde er mit dem Nationalen Preis f\u00fcr \u00f6kologische Verdienste ausgezeichnet. 2007 gr\u00fcndete er das \u00d6kologische Zentrum Zanja Arajuno, ein Schutzgebiet f\u00fcr die Wiederansiedlung von Tieren und die Wiederherstellung von Lebensr\u00e4umen im oberen Amazonasgebiet. Zu seinem Verm\u00e4chtnis geh\u00f6ren B\u00fccher und Handb\u00fccher \u00fcber die Bewirtschaftung von Wildtierressourcen sowie Vortr\u00e4ge auf nationaler und internationaler Ebene.<\/p>\n\n\t\t<\/div> \n\t<\/div> \n\t<div class=\"wpb_single_image wpb_content_element vc_align_center\">\n\t\t<div class=\"wpb_wrapper\">\n\t\t\t\n\t\t\t<div class=\"vc_single_image-wrapper   vc_box_border_grey\"><img loading=\"lazy\" decoding=\"async\" width=\"300\" height=\"242\" src=\"https:\/\/www.zanjarajuno.org\/wp-content\/uploads\/2024\/05\/WhatsApp-Image-2024-05-30-at-1.32.19-PM.jpeg\" class=\"vc_single_image-img attachment-medium\" alt=\"\" title=\"WhatsApp Bild 2024-05-30 um 1.32.19 Uhr\" srcset=\"https:\/\/www.zanjarajuno.org\/wp-content\/uploads\/2024\/05\/WhatsApp-Image-2024-05-30-at-1.32.19-PM.jpeg 1600w, https:\/\/www.zanjarajuno.org\/wp-content\/uploads\/2024\/05\/WhatsApp-Image-2024-05-30-at-1.32.19-PM-1024x828.jpeg 1024w, https:\/\/www.zanjarajuno.org\/wp-content\/uploads\/2024\/05\/WhatsApp-Image-2024-05-30-at-1.32.19-PM-1536x1241.jpeg 1536w, https:\/\/www.zanjarajuno.org\/wp-content\/uploads\/2024\/05\/WhatsApp-Image-2024-05-30-at-1.32.19-PM-15x12.jpeg 15w\" sizes=\"auto, (max-width: 300px) 100vw, 300px\" \/><\/div>\n\t\t<\/div>\n\t<\/div>\n\n\t<div class=\"wpb_text_column wpb_content_element\">\n\t\t<div class=\"wpb_wrapper\">\n\t\t\t<div class=\"flex-1 overflow-hidden\">\n<div class=\"react-scroll-to-bottom--css-djyhv-79elbk h-full\">\n<div class=\"react-scroll-to-bottom--css-djyhv-1n7m0yu\">\n<div class=\"flex flex-col text-sm\">\n<div class=\"w-full text-token-text-primary\" dir=\"auto\" data-testid=\"conversation-turn-3\" data-scroll-anchor=\"true\">\n<div class=\"py-2 juice:py-&#091;18px&#093; px-3 text-base md:px-4 m-auto md:px-5 lg:px-1 xl:px-5\">\n<div class=\"mx-auto flex flex-1 gap-3 text-base juice:gap-4 juice:md:gap-6 md:max-w-3xl lg:max-w-&#091;40rem&#093; xl:max-w-&#091;48rem&#093;\">\n<div class=\"group\/conversation-turn relative flex w-full min-w-0 flex-col agent-turn\">\n<div class=\"flex-col gap-1 md:gap-3\">\n<div class=\"flex flex-grow flex-col max-w-full\">\n<div class=\"min-h-&#091;20px&#093; text-message flex flex-col items-start whitespace-pre-wrap break-words &#091;.text-message+&amp;&#093;:mt-5 juice:w-full juice:items-end overflow-x-auto gap-3\" dir=\"auto\" data-message-author-role=\"assistant\" data-message-id=\"53c42dbf-4155-492e-8cde-aa1c32ac517d\">\n<div class=\"markdown prose w-full break-words dark:prose-invert light\">\n<p style=\"text-align: center;\"><strong>Lucero Mora Mu\u00f1oz (Regisseur)<\/strong><\/p>\n<p style=\"text-align: justify;\">Nubia Lucero, die 2003 ihren Abschluss als Zootechnikerin an der Nationalen Universit\u00e4t von Kolumbien machte, hat ihr Leben dem Verst\u00e4ndnis und dem Schutz der empfindlichen \u00d6kosysteme des Regenwaldes gewidmet. Von ihrer Zeit im Centro Fatima f\u00fcr die Rehabilitation und Rettung von Wildtieren bis hin zur Leitung des Zanja Arajuno Ecological Centre war ihre Arbeit eine Kombination aus F\u00fcrsorge, Forschung und Lernen. Im Laufe der Jahre hat sie an Rehabilitations- und Wiederansiedlungsprojekten f\u00fcr gef\u00e4hrdete Arten sowie an Umwelterziehungsprogrammen f\u00fcr die \u00f6rtliche Bev\u00f6lkerung und Besucher gearbeitet. Als Gr\u00fcnderin und Leiterin von Gemeinschaftstheatergruppen hat sie die Kunst als wirkungsvolles Mittel eingesetzt, um Botschaften zum Naturschutz und sozialen Wandel zu vermitteln. In j\u00fcngster Zeit konzentriert sich ihre Arbeit auf die Koordinierung von Freiwilligen f\u00fcr die Volksz\u00e4hlung zur biologischen Vielfalt in Zusammenarbeit mit der Fundaci\u00f3n Despierta und Planete Urgence (2022-2025), die Leitung der Gemeindebibliothek Sachateca Yachay Wasi (2025) und die Durchf\u00fchrung von Workshops zu den Themen \u00d6kologie, biologische Vielfalt, Umweltfragen, territoriale Verteidigung und kommunale Schutzstrategien.<\/p>\n<\/div>\n<\/div>\n<\/div>\n<div class=\"mt-1 flex gap-3 empty:hidden juice:-ml-3\">\n<div class=\"-ml-1 mt-0 flex h-7 items-center justify-center gap-&#091;2px&#093; self-end text-gray-400 lg:justify-start lg:self-center visible\"><\/div>\n<\/div>\n<div class=\"pr-2 lg:pr-0\"><\/div>\n<\/div>\n<div class=\"absolute\">\n<div class=\"flex w-full gap-2 items-center justify-center\"><\/div>\n<\/div>\n<\/div>\n<\/div>\n<\/div>\n<\/div>\n<\/div>\n<\/div>\n<\/div>\n<\/div>\n<div class=\"w-full md:pt-0 dark:border-white\/20 md:border-transparent md:dark:border-transparent md:w-&#091;calc(100%-.5rem)&#093; juice:w-full\">\n<div class=\"px-3 text-base md:px-4 m-auto md:px-5 lg:px-1 xl:px-5\">\n<div class=\"mx-auto flex flex-1 gap-3 text-base juice:gap-4 juice:md:gap-6 md:max-w-3xl lg:max-w-&#091;40rem&#093; xl:max-w-&#091;48rem&#093;\">\n<form class=\"w-full\" action=\"\">\n<div class=\"relative flex h-full max-w-full flex-1 flex-col\">\n<div class=\"absolute bottom-full left-0 right-0 z-20\">\n<div class=\"relative h-full w-full\">\n<div class=\"flex flex-col gap-3.5 pb-3.5 pt-2\">\n<div class=\"text-sm rounded-xl p-4 text-token-text-secondary flex items-center gap-3 fruit:rounded-2xl border border-token-border-light bg-token-main-surface-primary\"><\/div>\n<\/div>\n<\/div>\n<\/div>\n<\/div>\n<input type=\"hidden\" name=\"trp-form-language\" value=\"de\"\/><\/form>\n<\/div>\n<\/div>\n<\/div>\n\n\t\t<\/div> \n\t<\/div> \n\t<div class=\"wpb_single_image wpb_content_element vc_align_center\">\n\t\t<div class=\"wpb_wrapper\">\n\t\t\t\n\t\t\t<div class=\"vc_single_image-wrapper   vc_box_border_grey\"><img loading=\"lazy\" decoding=\"async\" width=\"268\" height=\"300\" src=\"https:\/\/www.zanjarajuno.org\/wp-content\/uploads\/2024\/06\/WhatsApp-Image-2024-06-01-at-6.13.01-PM.jpeg\" class=\"vc_single_image-img attachment-medium\" alt=\"\" title=\"WhatsApp Bild 2024-06-01 um 6.13.01 Uhr\" srcset=\"https:\/\/www.zanjarajuno.org\/wp-content\/uploads\/2024\/06\/WhatsApp-Image-2024-06-01-at-6.13.01-PM.jpeg 562w, https:\/\/www.zanjarajuno.org\/wp-content\/uploads\/2024\/06\/WhatsApp-Image-2024-06-01-at-6.13.01-PM-11x12.jpeg 11w\" sizes=\"auto, (max-width: 268px) 100vw, 268px\" \/><\/div>\n\t\t<\/div>\n\t<\/div>\n\n\t<div class=\"wpb_text_column wpb_content_element\">\n\t\t<div class=\"wpb_wrapper\">\n\t\t\t<p style=\"text-align: center;\"><strong>Alejandra Tapia Arias (\"Volkskanzlerin\")<\/strong><\/p>\n<p style=\"text-align: justify;\">Kommunikator f\u00fcr Kunst und biologische Vielfalt. Amazonas-Andenbewohnerin. Hochschullehrerin. Aufgrund ihres Berufes in der Organisationskommunikation hat sie f\u00fcr Zanja Arajuno Projekte und Initiativen mit Beteiligung der Gemeinschaft entworfen und durchgef\u00fchrt, wobei sie Teams zusammenstellte und koordinierte, die realen Bed\u00fcrfnisse entsprechend den sich ver\u00e4ndernden Kontexten untersuchte und die Kommunikationsmittel und -abl\u00e4ufe optimierte, was sich in ihrer Arbeit in folgenden Bereichen zeigt<a href=\"https:\/\/www.morebooks.shop\/shop-ui\/shop\/product\/978-3-8417-6213-9\" target=\"_blank\" rel=\"noopener\"> Masterarbeit<\/a>die der \"Fauna\" (Tier und Stadt) von Zanja Arajuno gewidmet ist. Als Ergebnis dieser (stets kollektiven) Praxis verf\u00fcgt Zanja Arajuno \u00fcber Netze der Zusammenarbeit mit neuen Organisationen, eine Pr\u00e4senz in Netzwerken, eine Website und verschiedene Kampagnen, die heute von Lucerito geleitet werden. Ihre Leidenschaft f\u00fcr die Kunst hat sie auch mit ihrer Arbeit in der Umwelterziehung f\u00fcr den sozialen Wandel in l\u00e4ndlichen, indigenen und st\u00e4dtischen Gemeinschaften und akademischen R\u00e4umen verbunden. Derzeit ist sie f\u00fcr die \u00d6ffentlichkeitsarbeit mit Kooperationsorganisationen und Nachhaltigkeitsstrategien f\u00fcr das Reservat zust\u00e4ndig. Zanja Arajuno ist weiterhin ihr lebendiges und dialektisches Laboratorium des Lehrens und Lernens f\u00fcr die Konstruktion kollektiver Tr\u00e4ume.<\/p>\n<p>&nbsp;<\/p>\n\n\t\t<\/div> \n\t<\/div> \n\t<div class=\"wpb_single_image wpb_content_element vc_align_center\">\n\t\t<div class=\"wpb_wrapper\">\n\t\t\t\n\t\t\t<div class=\"vc_single_image-wrapper   vc_box_border_grey\"><img loading=\"lazy\" decoding=\"async\" width=\"300\" height=\"211\" src=\"https:\/\/www.zanjarajuno.org\/wp-content\/uploads\/2024\/06\/foto-david.jpeg\" class=\"vc_single_image-img attachment-medium\" alt=\"\" title=\"foto david\" srcset=\"https:\/\/www.zanjarajuno.org\/wp-content\/uploads\/2024\/06\/foto-david.jpeg 1513w, https:\/\/www.zanjarajuno.org\/wp-content\/uploads\/2024\/06\/foto-david-1024x721.jpeg 1024w, https:\/\/www.zanjarajuno.org\/wp-content\/uploads\/2024\/06\/foto-david-18x12.jpeg 18w\" sizes=\"auto, (max-width: 300px) 100vw, 300px\" \/><\/div>\n\t\t<\/div>\n\t<\/div>\n\n\t<div class=\"wpb_text_column wpb_content_element\">\n\t\t<div class=\"wpb_wrapper\">\n\t\t\t<p style=\"text-align: center;\"><strong>David Tapia Mora (gu\u00eda y productor musical)<\/strong><\/p>\n<p style=\"text-align: justify;\">Junger Amazonasbewohner, der in der Natur aufgewachsen ist, was ihm eine tiefe Liebe und Respekt f\u00fcr alle Lebewesen eingefl\u00f6\u00dft hat. Er ist leidenschaftlich f\u00fcr Musik und Kunst im Allgemeinen und wird <strong>\"Cabo Pensamiento\", <\/strong>\u00a0nutzt diese Ausdrucksformen, um ihre Ideen \u00fcber ihre Art, die Welt zu interpretieren, mitzuteilen, mit der Absicht, das Bewusstsein der Menschen zu wecken. Derzeit studiert er Kommunikation mit dem Ziel, seinen Beruf als Instrument zur F\u00f6rderung des Umweltschutzes und des sozialen Kampfes zu nutzen. Er ist auch ein begeisterter Hip-Hop-Fan und m\u00f6chte dieses Genre aufwerten, indem er es vom Stigma der kapitalistischen Welt befreit und seine wahren Urspr\u00fcnge hervorhebt. Sein Engagement f\u00fcr den Hip-Hop zeigt sich auch in seiner sozialen und p\u00e4dagogischen Dimension, indem er diese Kultur als Kommunikationsmittel nutzt, um auf die Probleme der Gesellschaft hinzuweisen. In Zanja Arajuno tr\u00e4gt er dazu bei, indem er die Besucher begleitet und die Interaktionen im Dschungel erkl\u00e4rt, wobei er die Bedeutung der Erhaltung und des Respekts f\u00fcr die Natur hervorhebt.<\/p>\n<div class=\"mt-1 flex gap-3 empty:hidden juice:-ml-3\">\n<div class=\"items-center justify-start rounded-xl p-1 flex\">\n<div class=\"flex items-center\">\n<div class=\"flex items-center pb-0.5 juice:pb-0\">\n<div class=\"&#091;&amp;_svg&#093;:h-full &#091;&amp;_svg&#093;:w-full icon-md h-4 w-4\"><\/div>\n<p>&nbsp;<\/p>\n<\/div>\n<\/div>\n<\/div>\n<\/div>\n\n\t\t<\/div> \n\t<\/div> \n\t<div class=\"wpb_single_image wpb_content_element vc_align_center\">\n\t\t<div class=\"wpb_wrapper\">\n\t\t\t\n\t\t\t<div class=\"vc_single_image-wrapper   vc_box_border_grey\"><img loading=\"lazy\" decoding=\"async\" width=\"300\" height=\"300\" src=\"https:\/\/www.zanjarajuno.org\/wp-content\/uploads\/2024\/06\/o45bc068.jpg\" class=\"vc_single_image-img attachment-medium\" alt=\"\" title=\"o45bc068\" srcset=\"https:\/\/www.zanjarajuno.org\/wp-content\/uploads\/2024\/06\/o45bc068.jpg 400w, https:\/\/www.zanjarajuno.org\/wp-content\/uploads\/2024\/06\/o45bc068-150x150.jpg 150w, https:\/\/www.zanjarajuno.org\/wp-content\/uploads\/2024\/06\/o45bc068-12x12.jpg 12w\" sizes=\"auto, (max-width: 300px) 100vw, 300px\" \/><\/div>\n\t\t<\/div>\n\t<\/div>\n\n\t<div class=\"wpb_text_column wpb_content_element\">\n\t\t<div class=\"wpb_wrapper\">\n\t\t\t<p style=\"text-align: center;\"><strong>Andr\u00e9s Tapia Arias (Biologe\/Kommunikator)<\/strong><\/p>\n<p style=\"text-align: justify;\">Als Biologe f\u00f6rderte er die ersten Forschungsinitiativen zu den endemischen Arten von Zanja Arajuno und kn\u00fcpfte Kontakte zu Universit\u00e4ten, Institutionen, Organisationen, Professoren und Experten. Einer der denkw\u00fcrdigsten Besuche war der Besuch von Jeff Corvin (+) von Animal Planet. Er hat die biologische Vielfalt des ecuadorianischen Amazonasgebiets studiert und erforscht, und seine Labor- und Feldarbeit mit dem Amazonas- und dem Anden-Tapir ist herausragend, da er Teil des Netzwerks von Spezialisten f\u00fcr diese Art ist. Er hat als Experte an Seminaren und Workshops in Indonesien, Malaysia, Indien, den Vereinigten Staaten, Schweden und Lateinamerika teilgenommen. Er hat auch an \u00dcberwachungsinitiativen und lokalen Lebenspl\u00e4nen mit indigenen V\u00f6lkern mitgearbeitet.<br \/>\nAls Kommunikator f\u00fchrte seine k\u00e4mpferische und nachhaltige Arbeit als Kommunikationsleiter von Confeniae zur Bildung des Teams der Gemeinschaftskommunikatoren Lanceros digitales und La Voz de la Confeniae, zur Entwicklung von Kooperationsprojekten, um Gemeinden mit UHF-Radiofrequenzen zu versorgen, sowie zu Kampagnen auf internationaler Ebene zum Schutz des Amazonas. Derzeit promoviert er in Mexiko im Bereich Kommunikation. Er hat wissenschaftliche Artikel, Berichte und B\u00fccher in den Bereichen Kommunikation und Biologie ver\u00f6ffentlicht. Zusammen mit Yanda Montawano ist er Co-Regisseur des Dokumentarfilms \"Allpamanda\", der auf verschiedenen Filmfestivals in der ganzen Welt Anerkennung fand.<\/p>\n<p>&nbsp;<\/p>\n\n\t\t<\/div> \n\t<\/div> \t<div class=\"vc_empty_space\"  style=\"height: 35px\" ><span\n\t\t\tclass=\"vc_empty_space_inner\">\n\t\t\t<span class=\"empty_space_image\"  ><\/span>\n\t\t<\/span><\/div>\n\n\n\t<div class=\"wpb_single_image wpb_content_element vc_align_center\">\n\t\t<div class=\"wpb_wrapper\">\n\t\t\t\n\t\t\t<a class=\"qode-prettyphoto qode-single-image-pretty-photo\" data-rel=\"prettyPhoto[rel-111-4003609757]\" href=\"https:\/\/www.zanjarajuno.org\/wp-content\/uploads\/2024\/05\/equipo.jpg\" target=\"_self\"><div class=\"vc_single_image-wrapper   vc_box_border_grey\"><img loading=\"lazy\" decoding=\"async\" width=\"1024\" height=\"768\" src=\"https:\/\/www.zanjarajuno.org\/wp-content\/uploads\/2024\/05\/equipo.jpg\" class=\"vc_single_image-img attachment-large\" alt=\"\" title=\"Team\" srcset=\"https:\/\/www.zanjarajuno.org\/wp-content\/uploads\/2024\/05\/equipo.jpg 1024w, https:\/\/www.zanjarajuno.org\/wp-content\/uploads\/2024\/05\/equipo-16x12.jpg 16w\" sizes=\"auto, (max-width: 1024px) 100vw, 1024px\" \/><\/div><\/a>\n\t\t<\/div>\n\t<\/div>\n<\/div><\/div><\/div><\/div><\/div><\/div><div      class=\"vc_row wpb_row section vc_row-fluid  vc_custom_1717090683257 grid_section\" style=' text-align:center;'><div class=\"section_inner clearfix\"><div class='section_inner_margin clearfix'><div class=\"wpb_column vc_column_container vc_col-sm-12\"><div class=\"vc_column-inner\"><div class=\"wpb_wrapper\"><a itemprop=\"url\" href=\"https:\/\/www.zanjarajuno.org\/de\/unsere-geschichte\/\" target=\"_self\" data-hover-background-color=\"rgba(255,255,255,0.01)\" data-hover-border-color=\"#000000\" class=\"qbutton  small default\" style=\"\">Unsere Geschichte<\/a><\/div><\/div><\/div><\/div><\/div><\/div><div      class=\"vc_row wpb_row section vc_row-fluid\" style=' border-bottom: 1px solid grey; text-align:left;'><div class=\"full_section_inner clearfix\"><div class=\"wpb_column vc_column_container vc_col-sm-12\"><div class=\"vc_column-inner\"><div class=\"wpb_wrapper\"><\/div><\/div><\/div><\/div><\/div><div      class=\"vc_row wpb_row section vc_row-fluid\" style=' text-align:left;'><div class=\"full_section_inner clearfix\"><div class=\"wpb_column vc_column_container vc_col-sm-12\"><div class=\"vc_column-inner\"><div class=\"wpb_wrapper\"><\/div><\/div><\/div><\/div><\/div><div      class=\"vc_row wpb_row section vc_row-fluid\" style=' border-bottom: 1px solid grey; text-align:left;'><div class=\"full_section_inner clearfix\"><div class=\"wpb_column vc_column_container vc_col-sm-12\"><div class=\"vc_column-inner\"><div class=\"wpb_wrapper\"><\/div><\/div><\/div><\/div><\/div><div      class=\"vc_row wpb_row section vc_row-fluid\" style=' text-align:left;'><div class=\"full_section_inner clearfix\"><div class=\"wpb_column vc_column_container vc_col-sm-6\"><div class=\"vc_column-inner\"><div class=\"wpb_wrapper\"><\/div><\/div><\/div><div class=\"wpb_column vc_column_container vc_col-sm-6\"><div class=\"vc_column-inner\"><div class=\"wpb_wrapper\"><\/div><\/div><\/div><\/div><\/div>\n<\/div>","protected":false},"excerpt":{"rendered":"Centro Ecol\u00f3gico Zanja Arajuno Somos una familia andino-amaz\u00f3nica que mediante autogesti\u00f3n cuida una porci\u00f3n del planeta para mostrar que es posible una vida m\u00e1s equilibrada, en respeto y armon\u00eda con la naturaleza mediante la participaci\u00f3n comunitaria.\u00a0Zanja Arajuno es un centro ecol\u00f3gico que trabaja 100% por...","protected":false},"author":4,"featured_media":0,"parent":0,"menu_order":1,"comment_status":"closed","ping_status":"closed","template":"full_width.php","meta":{"footnotes":""},"class_list":["post-111","page","type-page","status-publish","hentry"],"_links":{"self":[{"href":"https:\/\/www.zanjarajuno.org\/de\/wp-json\/wp\/v2\/pages\/111","targetHints":{"allow":["GET"]}}],"collection":[{"href":"https:\/\/www.zanjarajuno.org\/de\/wp-json\/wp\/v2\/pages"}],"about":[{"href":"https:\/\/www.zanjarajuno.org\/de\/wp-json\/wp\/v2\/types\/page"}],"author":[{"embeddable":true,"href":"https:\/\/www.zanjarajuno.org\/de\/wp-json\/wp\/v2\/users\/4"}],"replies":[{"embeddable":true,"href":"https:\/\/www.zanjarajuno.org\/de\/wp-json\/wp\/v2\/comments?post=111"}],"version-history":[{"count":124,"href":"https:\/\/www.zanjarajuno.org\/de\/wp-json\/wp\/v2\/pages\/111\/revisions"}],"predecessor-version":[{"id":1790,"href":"https:\/\/www.zanjarajuno.org\/de\/wp-json\/wp\/v2\/pages\/111\/revisions\/1790"}],"wp:attachment":[{"href":"https:\/\/www.zanjarajuno.org\/de\/wp-json\/wp\/v2\/media?parent=111"}],"curies":[{"name":"wp","href":"https:\/\/api.w.org\/{rel}","templated":true}]}}